{"id":1310,"date":"2015-05-25T15:41:32","date_gmt":"2015-05-25T15:41:32","guid":{"rendered":"http:\/\/librairiemoderne.com\/?page_id=1310"},"modified":"2023-07-03T17:17:03","modified_gmt":"2023-07-03T17:17:03","slug":"zone-collectivites","status":"publish","type":"page","link":"https:\/\/librairiemoderne.com\/?page_id=1310","title":{"rendered":"Zone collectivit\u00e9s"},"content":{"rendered":"<h4>Au service des collectivit\u00e9s depuis plus de 40 ans<\/h4>\n<p>Avec son <a href=\"https:\/\/www.mcc.gouv.qc.ca\/index.php?id=2181&amp;no_cache=1\">agr\u00e9ment minist\u00e9riel<\/a> <strong>en fran\u00e7ais et en anglais<\/strong>, la Librairie Moderne se targue d&rsquo;offrir aux collectivit\u00e9s un service de qualit\u00e9. Notre \u00e9quipe est pr\u00eate \u00e0 vous recevoir en tout temps afin de vous conseiller selon vos besoins, vous pr\u00e9senter les nouveaut\u00e9s et partager nos d\u00e9couvertes en litt\u00e9rature jeunesse.<\/p>\n<h4><a href=\"https:\/\/librairiemoderne.com\/wp-content\/uploads\/2015\/05\/image121.jpg\"><img loading=\"lazy\" decoding=\"async\" class=\"aligncenter wp-image-2122 size-full\" src=\"https:\/\/librairiemoderne.com\/wp-content\/uploads\/2015\/05\/image121.jpg\" alt=\"image12\" width=\"2592\" height=\"1936\" srcset=\"https:\/\/librairiemoderne.com\/wp-content\/uploads\/2015\/05\/image121.jpg 2592w, https:\/\/librairiemoderne.com\/wp-content\/uploads\/2015\/05\/image121-300x224.jpg 300w, https:\/\/librairiemoderne.com\/wp-content\/uploads\/2015\/05\/image121-1024x765.jpg 1024w\" sizes=\"auto, (max-width: 2592px) 100vw, 2592px\" \/><\/a><\/h4>\n<h4>Des outils pour vous simplifier la t\u00e2che<\/h4>\n<p><a href=\"https:\/\/librairiemoderne.com\/wp-content\/uploads\/2015\/05\/LivresOuverts.jpg\"><img loading=\"lazy\" decoding=\"async\" class=\"size-full wp-image-2116 alignleft\" src=\"https:\/\/librairiemoderne.com\/wp-content\/uploads\/2015\/05\/LivresOuverts.jpg\" alt=\"LivresOuverts\" width=\"164\" height=\"56\" \/><\/a>\u00c0 l&rsquo;\u00e9coute des besoins des professeurs, biblioth\u00e9caires et autres professionnels du livre, nous avons am\u00e9nag\u00e9 un espace qui leur est r\u00e9serv\u00e9. Ainsi, nous y disposons d&rsquo;un vaste \u00e9ventail de livres du <a href=\"http:\/\/www.livresouverts.qc.ca\/index.php?p=cl\">continuum en lecture (Livres ouverts)<\/a>. De plus, nous y offrons une grande partie de la s\u00e9lection annuelle de <a href=\"https:\/\/librairiemoderne.com\/wp-content\/uploads\/2015\/05\/50-56-21055.jpg\"><img loading=\"lazy\" decoding=\"async\" class=\"size-full wp-image-2115 alignright\" src=\"https:\/\/librairiemoderne.com\/wp-content\/uploads\/2015\/05\/50-56-21055.jpg\" alt=\"50-56-21055\" width=\"90\" height=\"77\" \/><\/a><a href=\"http:\/\/www.communication-jeunesse.qc.ca\/\">Communication-Jeunesse<\/a>. Vous pourrez donc consulter ces ouvrages et faire vos achats en toute qui\u00e9tude.<\/p>\n<p>Aussi, nous vous invitons \u00e0 consulter notre rubrique <a href=\"https:\/\/librairiemoderne.com\/?cat=3\">Suggestions de lecture<\/a>. Vous y trouverez r\u00e9guli\u00e8rement des commentaires sur nos plus r\u00e9cents coup de c\u0153ur en litt\u00e9rature jeunesse.<\/p>\n<p>\u00c0 la Librairie Moderne, tous les libraires sont disponibles pour vous aider. Cependant, Louise Ren\u00e9 est la libraire responsable des collectivit\u00e9s. Pour obtenir des informations ou faire parvenir une commande, vous pouvez communiquer avec elle \u00e0 l&rsquo;adresse suivante: <a href=\"mailto:collectivites@librairiemoderne.com\">collectivites@librairiemoderne.com<\/a>.<\/p>\n<h4>Livres num\u00e9riques<\/h4>\n<h6>Pour les biblioth\u00e8ques municipales&#8230;<\/h6>\n<p style=\"padding-left: 30px;\"><a href=\"http:\/\/www.pretnumerique.ca\/\"><img loading=\"lazy\" decoding=\"async\" class=\"wp-image-2136 alignright\" src=\"https:\/\/librairiemoderne.com\/wp-content\/uploads\/2015\/05\/pretnum.jpg\" alt=\"pretnum\" width=\"204\" height=\"51\" srcset=\"https:\/\/librairiemoderne.com\/wp-content\/uploads\/2015\/05\/pretnum.jpg 400w, https:\/\/librairiemoderne.com\/wp-content\/uploads\/2015\/05\/pretnum-300x75.jpg 300w\" sizes=\"auto, (max-width: 204px) 100vw, 204px\" \/><\/a>Via la plateforme <a href=\"https:\/\/www.pretnumerique.ca\/\">Pr\u00eatnum\u00e9rique<\/a>, la librairie propose une vaste s\u00e9lection de livres num\u00e9riques de langue fran\u00e7aise en format chrono-d\u00e9gradable.<\/p>\n<p style=\"padding-left: 30px;\">Aimeriez-vous offrir des livres num\u00e9riques \u00e0 votre biblioth\u00e8que? C&rsquo;est plus facile que vous ne le pensez! Il suffit <a href=\"https:\/\/librairiemoderne.com\/?page_id=5051\">de nous contacter<\/a>.<\/p>\n<h6>Pour les \u00e9coles primaires et secondaires&#8230;<\/h6>\n<p style=\"padding-left: 30px;\"><a href=\"https:\/\/librairiemoderne.com\/wp-content\/uploads\/2021\/10\/logo-biblius.png\"><img loading=\"lazy\" decoding=\"async\" class=\"alignright wp-image-6129 \" src=\"https:\/\/librairiemoderne.com\/wp-content\/uploads\/2021\/10\/logo-biblius-300x85.png\" alt=\"\" width=\"229\" height=\"65\" srcset=\"https:\/\/librairiemoderne.com\/wp-content\/uploads\/2021\/10\/logo-biblius-300x85.png 300w, https:\/\/librairiemoderne.com\/wp-content\/uploads\/2021\/10\/logo-biblius.png 318w\" sizes=\"auto, (max-width: 229px) 100vw, 229px\" \/><\/a>La nouvelle plateforme de pr\u00eat de livres num\u00e9riques pour les \u00e9coles publiques, <a href=\"https:\/\/projetbiblius.ca\/\">Biblius<\/a>, est pr\u00e9sentement en rodage par le minist\u00e8re de l&rsquo;\u00c9ducation et devrait \u00eatre disponible pour l&rsquo;ensemble des \u00e9coles en 2022.<\/p>\n<p style=\"padding-left: 30px;\">Cependant, il est possible de procurer des livres num\u00e9riques publi\u00e9s par certains \u00e9diteurs d\u00e8s maintenant. Ce service est particuli\u00e8rement utile pour les \u00e9l\u00e8ves ayant une d\u00e9ficience visuelle.<\/p>\n<p style=\"padding-left: 30px;\"><a href=\"https:\/\/librairiemoderne.com\/?page_id=5051\">Veuillez communiquer avec nous<\/a> pour en apprendre davantage sur les proc\u00e9dures \u00e0 suivre.<\/p>\n<h4>Expositions de livres<\/h4>\n<p>La Librairie Moderne offre aussi la possibilit\u00e9 de faire des expositions de livres dans les \u00e9coles. Attention! Veuillez r\u00e9server t\u00f4t car les disponibilit\u00e9s sont limit\u00e9es. Pour obtenir des informations \u00e0 ce sujet, vous pouvez communiquer avec Chantal Fontaine ou \u00e9crire \u00e0 l&rsquo;adresse suivante: <a href=\"mailto:service@librairiemoderne.com\">service@librairiemoderne.com<\/a>.<\/p>\n","protected":false},"excerpt":{"rendered":"<p>Au service des collectivit\u00e9s depuis plus de 40 ans Avec son agr\u00e9ment minist\u00e9riel en fran\u00e7ais et en anglais, la Librairie Moderne se targue d&rsquo;offrir aux collectivit\u00e9s un service de qualit\u00e9. Notre \u00e9quipe est pr\u00eate \u00e0 vous recevoir en tout temps afin de vous conseiller selon vos besoins, vous pr\u00e9senter les nouveaut\u00e9s et partager nos d\u00e9couvertes en litt\u00e9rature jeunesse. Des outils [&#8230;]<\/p>\n","protected":false},"author":1,"featured_media":0,"parent":0,"menu_order":0,"comment_status":"closed","ping_status":"closed","template":"","meta":{"footnotes":""},"class_list":["post-1310","page","type-page","status-publish","hentry"],"_links":{"self":[{"href":"https:\/\/librairiemoderne.com\/index.php?rest_route=\/wp\/v2\/pages\/1310","targetHints":{"allow":["GET"]}}],"collection":[{"href":"https:\/\/librairiemoderne.com\/index.php?rest_route=\/wp\/v2\/pages"}],"about":[{"href":"https:\/\/librairiemoderne.com\/index.php?rest_route=\/wp\/v2\/types\/page"}],"author":[{"embeddable":true,"href":"https:\/\/librairiemoderne.com\/index.php?rest_route=\/wp\/v2\/users\/1"}],"replies":[{"embeddable":true,"href":"https:\/\/librairiemoderne.com\/index.php?rest_route=%2Fwp%2Fv2%2Fcomments&post=1310"}],"version-history":[{"count":0,"href":"https:\/\/librairiemoderne.com\/index.php?rest_route=\/wp\/v2\/pages\/1310\/revisions"}],"wp:attachment":[{"href":"https:\/\/librairiemoderne.com\/index.php?rest_route=%2Fwp%2Fv2%2Fmedia&parent=1310"}],"curies":[{"name":"wp","href":"https:\/\/api.w.org\/{rel}","templated":true}]}}